{"id":2551,"date":"2026-04-27T08:45:00","date_gmt":"2026-04-27T06:45:00","guid":{"rendered":"https:\/\/turismosostible.lugo.gal\/?page_id=2551"},"modified":"2026-04-27T08:33:39","modified_gmt":"2026-04-27T06:33:39","slug":"o-legado-romano-e-relixioso-de-lugo","status":"publish","type":"page","link":"https:\/\/turismosostible.lugo.gal\/es\/o-legado-romano-e-relixioso-de-lugo\/","title":{"rendered":"O legado romano e relixioso de Lugo"},"content":{"rendered":"<div data-elementor-type=\"wp-page\" data-elementor-id=\"2551\" class=\"elementor elementor-2551\" data-elementor-post-type=\"page\">\n\t\t\t\t\t\t<section class=\"elementor-section elementor-top-section elementor-element elementor-element-68924aa elementor-section-full_width elementor-section-height-min-height elementor-section-height-default elementor-section-items-middle\" data-id=\"68924aa\" data-element_type=\"section\" data-e-type=\"section\">\n\t\t\t\t\t\t<div class=\"elementor-container elementor-column-gap-custom\">\n\t\t\t\t\t<div class=\"elementor-column elementor-col-100 elementor-top-column elementor-element elementor-element-8e196ca\" data-id=\"8e196ca\" data-element_type=\"column\" data-e-type=\"column\">\n\t\t\t<div class=\"elementor-widget-wrap elementor-element-populated\">\n\t\t\t\t\t\t<section class=\"elementor-section elementor-inner-section elementor-element elementor-element-b5294fd elementor-section-full_width elementor-section-height-min-height elementor-reverse-mobile elementor-reverse-tablet elementor-section-height-default\" data-id=\"b5294fd\" data-element_type=\"section\" data-e-type=\"section\">\n\t\t\t\t\t\t<div class=\"elementor-container elementor-column-gap-no\">\n\t\t\t\t\t<div class=\"elementor-column elementor-col-50 elementor-inner-column elementor-element elementor-element-f64d004 has-stretch-block to-left\" data-id=\"f64d004\" data-element_type=\"column\" data-e-type=\"column\">\n\t\t\t<div class=\"elementor-widget-wrap elementor-element-populated\">\n\t\t\t\t\t\t<div class=\"elementor-element elementor-element-4cd5b70 elementor-widget elementor-widget-text-editor\" data-id=\"4cd5b70\" data-element_type=\"widget\" data-e-type=\"widget\" data-widget_type=\"text-editor.default\">\n\t\t\t\t\t\t\t\t\t<p>Lugo es una ciudad donde la historia no se cuenta: se recorre. Fundada como Lucus Augusti entre los a\u00f1os 15 y 13 a.C., se convirti\u00f3 en uno de los grandes centros administrativos de la antigua Gallaecia romana. Hoy, ese legado convive con una profunda tradici\u00f3n religiosa, creando una experiencia \u00fanica para quien busca turismo cultural en Galicia.<\/p>\n<p>Su ubicaci\u00f3n, en un promontorio junto al r\u00edo Mi\u00f1o, no fue casual. Desde aqu\u00ed se articulaba un territorio clave para el Imperio, especialmente por sus riquezas mineras. Con el paso de los siglos, ese pasado romano dio lugar a una ciudad que ha sabido conservar su esencia e integrar tambi\u00e9n una fuerte tradici\u00f3n religiosa.<\/p>\t\t\t\t\t\t\t\t<\/div>\n\t\t\t\t<div class=\"elementor-element elementor-element-d88420b elementor-widget elementor-widget-video\" data-id=\"d88420b\" data-element_type=\"widget\" data-e-type=\"widget\" data-settings=\"{&quot;video_type&quot;:&quot;hosted&quot;,&quot;autoplay&quot;:&quot;yes&quot;,&quot;controls&quot;:&quot;yes&quot;}\" data-widget_type=\"video.default\">\n\t\t\t\t\t\t\t<div class=\"e-hosted-video elementor-wrapper elementor-open-inline\">\n\t\t\t\t\t<video class=\"elementor-video\" src=\"https:\/\/turismosostible.lugo.gal\/wp-content\/uploads\/2026\/04\/1.-Espiritualidad_CAS.mp4\" autoplay=\"\" controls=\"\" controlslist=\"nodownload\"><\/video>\n\t\t\t\t<\/div>\n\t\t\t\t\t\t<\/div>\n\t\t\t\t<div class=\"elementor-element elementor-element-71621fe elementor-widget elementor-widget-heading\" data-id=\"71621fe\" data-element_type=\"widget\" data-e-type=\"widget\" data-widget_type=\"heading.default\">\n\t\t\t\t\t<h3 class=\"elementor-heading-title elementor-size-default\">Un pasado romano que se puede recorrer<\/h3>\t\t\t\t<\/div>\n\t\t\t\t<div class=\"elementor-element elementor-element-49a10c3 elementor-widget elementor-widget-text-editor\" data-id=\"49a10c3\" data-element_type=\"widget\" data-e-type=\"widget\" data-widget_type=\"text-editor.default\">\n\t\t\t\t\t\t\t\t\t<p>El s\u00edmbolo m\u00e1s reconocible es la Muralla Romana de Lugo, construida en el siglo III d.C. para proteger la ciudad en un momento de inestabilidad. Hoy, m\u00e1s de dos mil a\u00f1os despu\u00e9s, sigue en pie rodeando el casco hist\u00f3rico con m\u00e1s de dos kil\u00f3metros de recorrido \u00edntegro.<\/p>\n<p>Pero Lugo no se entiende solo desde la muralla. Al bajar al nivel de la calle, aparecen otros vestigios que permiten reconstruir la vida en la antigua ciudad romana. La Casa de los Mosaicos o la Domus del Mitreo muestran c\u00f3mo eran las viviendas y los espacios religiosos, mientras que las antiguas termas, situadas junto al r\u00edo, recuerdan la importancia del agua en la vida cotidiana.<\/p>\n<p>Tambi\u00e9n destacan elementos como el puente romano, todav\u00eda en uso, o la piscina descubierta en la Plaza de Santa Mar\u00eda, que formaba parte de un complejo termal. Peque\u00f1os fragmentos de un pasado que sigue presente en el d\u00eda a d\u00eda de la ciudad.<\/p>\t\t\t\t\t\t\t\t<\/div>\n\t\t\t\t<div class=\"elementor-element elementor-element-aece16b elementor-widget elementor-widget-heading\" data-id=\"aece16b\" data-element_type=\"widget\" data-e-type=\"widget\" data-widget_type=\"heading.default\">\n\t\t\t\t\t<h3 class=\"elementor-heading-title elementor-size-default\">Qu\u00e9 ver del Lugo romano: imprescindibles<\/h3>\t\t\t\t<\/div>\n\t\t\t\t<div class=\"elementor-element elementor-element-ec4a404 elementor-widget elementor-widget-text-editor\" data-id=\"ec4a404\" data-element_type=\"widget\" data-e-type=\"widget\" data-widget_type=\"text-editor.default\">\n\t\t\t\t\t\t\t\t\t<p>Si quieres descubrir el pasado romano de la ciudad, estos son los puntos clave:<\/p>\t\t\t\t\t\t\t\t<\/div>\n\t\t\t\t<div class=\"elementor-element elementor-element-36b1121 elementor-widget elementor-widget-heading\" data-id=\"36b1121\" data-element_type=\"widget\" data-e-type=\"widget\" data-widget_type=\"heading.default\">\n\t\t\t\t\t<h4 class=\"elementor-heading-title elementor-size-default\">1. Muralla Romana de Lugo<\/h4>\t\t\t\t<\/div>\n\t\t\t\t<div class=\"elementor-element elementor-element-fcde5a1 elementor-widget elementor-widget-text-editor\" data-id=\"fcde5a1\" data-element_type=\"widget\" data-e-type=\"widget\" data-widget_type=\"text-editor.default\">\n\t\t\t\t\t\t\t\t\t<p>Declarada Patrimonio Mundial por la UNESCO, es la \u00fanica muralla romana del mundo que se conserva \u00edntegra. Con m\u00e1s de 2 km de per\u00edmetro, permite pasear por su adarve y disfrutar de vistas privilegiadas de la ciudad.<\/p>\t\t\t\t\t\t\t\t<\/div>\n\t\t\t\t<div class=\"elementor-element elementor-element-5040171 elementor-widget elementor-widget-heading\" data-id=\"5040171\" data-element_type=\"widget\" data-e-type=\"widget\" data-widget_type=\"heading.default\">\n\t\t\t\t\t<h4 class=\"elementor-heading-title elementor-size-default\">2. Domus y restos arqueol\u00f3gicos<\/h4>\t\t\t\t<\/div>\n\t\t\t\t<div class=\"elementor-element elementor-element-cbf64c8 elementor-widget elementor-widget-text-editor\" data-id=\"cbf64c8\" data-element_type=\"widget\" data-e-type=\"widget\" data-widget_type=\"text-editor.default\">\n\t\t\t\t\t\t\t\t\t<ul>\n<li>\u00a0Casa de los Mosaicos: una antigua vivienda romana con mosaicos y pinturas murales.<\/li>\n<li>Domus del Mitreo: combina restos dom\u00e9sticos con un templo dedicado al dios Mitra.<\/li>\n<li>Piscina romana: situada en la Plaza de Santa Mar\u00eda, testimonio de las antiguas termas.<\/li>\n<\/ul>\t\t\t\t\t\t\t\t<\/div>\n\t\t\t\t<div class=\"elementor-element elementor-element-0632243 elementor-widget elementor-widget-heading\" data-id=\"0632243\" data-element_type=\"widget\" data-e-type=\"widget\" data-widget_type=\"heading.default\">\n\t\t\t\t\t<h4 class=\"elementor-heading-title elementor-size-default\">3. Termas y Puente romano<\/h4>\t\t\t\t<\/div>\n\t\t\t\t<div class=\"elementor-element elementor-element-dff7cb9 elementor-widget elementor-widget-text-editor\" data-id=\"dff7cb9\" data-element_type=\"widget\" data-e-type=\"widget\" data-widget_type=\"text-editor.default\">\n\t\t\t\t\t\t\t\t\t<ul>\n<li>Las termas, junto al r\u00edo Mi\u00f1o, muestran el uso del agua en la vida romana.<\/li>\n<li>El puente romano, todav\u00eda en uso, formaba parte de una v\u00eda clave del Imperio.<\/li>\n<\/ul>\t\t\t\t\t\t\t\t<\/div>\n\t\t\t\t<div class=\"elementor-element elementor-element-0fff614 elementor-widget elementor-widget-heading\" data-id=\"0fff614\" data-element_type=\"widget\" data-e-type=\"widget\" data-widget_type=\"heading.default\">\n\t\t\t\t\t<h4 class=\"elementor-heading-title elementor-size-default\">4. Centros de interpretaci\u00f3n<\/h4>\t\t\t\t<\/div>\n\t\t\t\t<div class=\"elementor-element elementor-element-e104852 elementor-widget elementor-widget-text-editor\" data-id=\"e104852\" data-element_type=\"widget\" data-e-type=\"widget\" data-widget_type=\"text-editor.default\">\n\t\t\t\t\t\t\t\t\t<ul>\n<li>Centro de Interpretaci\u00f3n de la Muralla<\/li>\n<li>Sala Porta Mi\u00f1\u00e1<\/li>\n<li>Centro Arqueol\u00f3gico de San Roque<\/li>\n<\/ul>\n<p>\u00a0<\/p>\n<p>Estos espacios permiten contextualizar la historia y comprender la evoluci\u00f3n de la ciudad.<\/p>\n<p>Adem\u00e1s, durante el festival Arde Lucus, la ciudad revive su pasado romano, convirti\u00e9ndose en un escenario vivo donde historia y recreaci\u00f3n se mezclan.<\/p>\t\t\t\t\t\t\t\t<\/div>\n\t\t\t\t<div class=\"elementor-element elementor-element-ed76577 elementor-widget elementor-widget-heading\" data-id=\"ed76577\" data-element_type=\"widget\" data-e-type=\"widget\" data-widget_type=\"heading.default\">\n\t\t\t\t\t<h3 class=\"elementor-heading-title elementor-size-default\">De la ciudad romana a la ciudad espiritual<\/h3>\t\t\t\t<\/div>\n\t\t\t\t<div class=\"elementor-element elementor-element-c3a794e elementor-widget elementor-widget-text-editor\" data-id=\"c3a794e\" data-element_type=\"widget\" data-e-type=\"widget\" data-widget_type=\"text-editor.default\">\n\t\t\t\t\t\t\t\t\t<p>Con la ca\u00edda del Imperio romano, Lugo no perdi\u00f3 relevancia. Al contrario, se consolid\u00f3 como un importante centro religioso, dejando una huella que todav\u00eda hoy define su car\u00e1cter.<\/p>\n<p>La Catedral de Santa Mar\u00eda de Lugo es el mejor ejemplo de esta evoluci\u00f3n. Situada en el coraz\u00f3n del casco hist\u00f3rico, combina estilos arquitect\u00f3nicos de distintas \u00e9pocas y conserva una tradici\u00f3n \u00fanica: la exposici\u00f3n permanente del Sant\u00edsimo Sacramento.<\/p>\n<p>Junto a ella, el paso del Camino Primitivo de Santiago refuerza esta dimensi\u00f3n espiritual. Lugo se convierte as\u00ed en un lugar de pausa dentro de la peregrinaci\u00f3n, un espacio donde el camino se detiene e invita a reflexionar.<\/p>\t\t\t\t\t\t\t\t<\/div>\n\t\t\t\t<div class=\"elementor-element elementor-element-06ddd5f elementor-widget elementor-widget-heading\" data-id=\"06ddd5f\" data-element_type=\"widget\" data-e-type=\"widget\" data-widget_type=\"heading.default\">\n\t\t\t\t\t<h3 class=\"elementor-heading-title elementor-size-default\">M\u00e1s all\u00e1 de la ciudad<\/h3>\t\t\t\t<\/div>\n\t\t\t\t<div class=\"elementor-element elementor-element-40a4054 elementor-widget elementor-widget-text-editor\" data-id=\"40a4054\" data-element_type=\"widget\" data-e-type=\"widget\" data-widget_type=\"text-editor.default\">\n\t\t\t\t\t\t\t\t\t<p>A pocos kil\u00f3metros de Lugo, el legado hist\u00f3rico contin\u00faa. Espacios como Santa Eulalia de B\u00f3veda, un santuario \u00fanico de la \u00e9poca tardoantigua, o el Castro de Viladonga permiten ampliar la visi\u00f3n sobre la evoluci\u00f3n del territorio desde la \u00e9poca romana hasta la Edad Media.<\/p>\t\t\t\t\t\t\t\t<\/div>\n\t\t\t\t<div class=\"elementor-element elementor-element-2d149c7 elementor-widget elementor-widget-button\" data-id=\"2d149c7\" data-element_type=\"widget\" data-e-type=\"widget\" data-widget_type=\"button.default\">\n\t\t\t\t\t\t\t\t\t\t<a class=\"elementor-button elementor-button-link elementor-size-sm\" href=\"\/es\/un-paseo-pola-historia-sagrada-de-lugo\/\">\n\t\t\t\t\t\t<span class=\"elementor-button-content-wrapper\">\n\t\t\t\t\t\t\t\t\t<span class=\"elementor-button-text\">Un paseo pola historia sagrada de Lugo<\/span>\n\t\t\t\t\t<\/span>\n\t\t\t\t\t<\/a>\n\t\t\t\t\t\t\t\t<\/div>\n\t\t\t\t\t<\/div>\n\t\t<\/div>\n\t\t\t\t<div class=\"elementor-column elementor-col-50 elementor-inner-column elementor-element elementor-element-86e0a38 has-sticky-column has-stretch-block has-reset-mobile to-left\" data-id=\"86e0a38\" data-element_type=\"column\" data-e-type=\"column\" data-settings=\"{&quot;background_background&quot;:&quot;classic&quot;}\">\n\t\t\t<div class=\"elementor-widget-wrap elementor-element-populated\">\n\t\t\t\t\t\t<div class=\"elementor-element elementor-element-7942620 elementor-widget elementor-widget-image-carousel\" data-id=\"7942620\" data-element_type=\"widget\" data-e-type=\"widget\" data-settings=\"{&quot;slides_to_show&quot;:&quot;1&quot;,&quot;navigation&quot;:&quot;none&quot;,&quot;lazyload&quot;:&quot;yes&quot;,&quot;autoplay&quot;:&quot;yes&quot;,&quot;pause_on_hover&quot;:&quot;yes&quot;,&quot;pause_on_interaction&quot;:&quot;yes&quot;,&quot;autoplay_speed&quot;:5000,&quot;infinite&quot;:&quot;yes&quot;,&quot;effect&quot;:&quot;slide&quot;,&quot;speed&quot;:500}\" data-widget_type=\"image-carousel.default\">\n\t\t\t\t\t\t\t<div class=\"elementor-image-carousel-wrapper swiper\" role=\"region\" aria-roledescription=\"carousel\" aria-label=\"Carrusel de im\u00e1genes\" dir=\"ltr\">\n\t\t\t<div class=\"elementor-image-carousel swiper-wrapper swiper-image-stretch\" aria-live=\"off\">\n\t\t\t\t\t\t\t\t<div class=\"swiper-slide\" role=\"group\" aria-roledescription=\"slide\" aria-label=\"1 de 4\" data-no-translation-aria-label=\"\"><figure class=\"swiper-slide-inner\"><img class=\"swiper-slide-image swiper-lazy\" data-src=\"https:\/\/turismosostible.lugo.gal\/wp-content\/uploads\/2026\/02\/lugo_359-2-scaled.jpg\" alt=\"lugo_359\" \/><div class=\"swiper-lazy-preloader\"><\/div><\/figure><\/div><div class=\"swiper-slide\" role=\"group\" aria-roledescription=\"slide\" aria-label=\"2 de 4\" data-no-translation-aria-label=\"\"><figure class=\"swiper-slide-inner\"><img class=\"swiper-slide-image swiper-lazy\" data-src=\"https:\/\/turismosostible.lugo.gal\/wp-content\/uploads\/2026\/02\/lugo_805-1-scaled.jpg\" alt=\"lugo_805\" \/><div class=\"swiper-lazy-preloader\"><\/div><\/figure><\/div><div class=\"swiper-slide\" role=\"group\" aria-roledescription=\"slide\" aria-label=\"3 de 4\" data-no-translation-aria-label=\"\"><figure class=\"swiper-slide-inner\"><img class=\"swiper-slide-image swiper-lazy\" data-src=\"https:\/\/turismosostible.lugo.gal\/wp-content\/uploads\/2026\/02\/lugo_347-1-scaled.jpg\" alt=\"lugo_347\" \/><div class=\"swiper-lazy-preloader\"><\/div><\/figure><\/div><div class=\"swiper-slide\" role=\"group\" aria-roledescription=\"slide\" aria-label=\"4 de 4\" data-no-translation-aria-label=\"\"><figure class=\"swiper-slide-inner\"><img class=\"swiper-slide-image swiper-lazy\" data-src=\"https:\/\/turismosostible.lugo.gal\/wp-content\/uploads\/2026\/02\/lugo_321-1-scaled.jpg\" alt=\"lugo_321\" \/><div class=\"swiper-lazy-preloader\"><\/div><\/figure><\/div>\t\t\t<\/div>\n\t\t\t\t\t\t\t\n\t\t\t\t\t\t\t\t\t<\/div>\n\t\t\t\t\t\t<\/div>\n\t\t\t\t\t<\/div>\n\t\t<\/div>\n\t\t\t\t\t<\/div>\n\t\t<\/section>\n\t\t\t\t\t<\/div>\n\t\t<\/div>\n\t\t\t\t\t<\/div>\n\t\t<\/section>\n\t\t\t\t<\/div>","protected":false},"excerpt":{"rendered":"<p>Lugo \u00e9 unha cidade onde a historia non se conta: perc\u00f3rrese. Fundada como Lucus Augusti entre os anos 15 e 13 a.C., converteuse nun [&hellip;]<\/p>\n","protected":false},"author":1,"featured_media":0,"parent":0,"menu_order":0,"comment_status":"closed","ping_status":"closed","template":"page-custom.php","meta":{"_acf_changed":false,"footnotes":""},"class_list":["post-2551","page","type-page","status-publish","hentry"],"acf":{"full_width":true,"header_transparent":false},"_links":{"self":[{"href":"https:\/\/turismosostible.lugo.gal\/es\/wp-json\/wp\/v2\/pages\/2551","targetHints":{"allow":["GET"]}}],"collection":[{"href":"https:\/\/turismosostible.lugo.gal\/es\/wp-json\/wp\/v2\/pages"}],"about":[{"href":"https:\/\/turismosostible.lugo.gal\/es\/wp-json\/wp\/v2\/types\/page"}],"author":[{"embeddable":true,"href":"https:\/\/turismosostible.lugo.gal\/es\/wp-json\/wp\/v2\/users\/1"}],"replies":[{"embeddable":true,"href":"https:\/\/turismosostible.lugo.gal\/es\/wp-json\/wp\/v2\/comments?post=2551"}],"version-history":[{"count":8,"href":"https:\/\/turismosostible.lugo.gal\/es\/wp-json\/wp\/v2\/pages\/2551\/revisions"}],"predecessor-version":[{"id":2582,"href":"https:\/\/turismosostible.lugo.gal\/es\/wp-json\/wp\/v2\/pages\/2551\/revisions\/2582"}],"wp:attachment":[{"href":"https:\/\/turismosostible.lugo.gal\/es\/wp-json\/wp\/v2\/media?parent=2551"}],"curies":[{"name":"wp","href":"https:\/\/api.w.org\/{rel}","templated":true}]}}